{"id":67104,"date":"2025-12-02T16:24:37","date_gmt":"2025-12-02T15:24:37","guid":{"rendered":"https:\/\/mycoffeestar.com\/?page_id=67104"},"modified":"2025-12-02T16:24:42","modified_gmt":"2025-12-02T15:24:42","slug":"pourquoi-les-capsules-de-cafe-rechargeables-sont-lavenir-et-comment-mycoffeestar-redefinit-le-cafe-durable","status":"publish","type":"page","link":"https:\/\/mycoffeestar.com\/fr\/pourquoi-les-capsules-de-cafe-rechargeables-sont-lavenir-et-comment-mycoffeestar-redefinit-le-cafe-durable\/","title":{"rendered":"Blog Post: Pourquoi les capsules de caf\u00e9 rechargeables sont l\u2019avenir \u2013 et comment MyCoffeestar red\u00e9finit le caf\u00e9 durable"},"content":{"rendered":"\n<p>Il arrive parfois qu\u2019une industrie enti\u00e8re s\u2019arr\u00eate parce que quelqu\u2019un a trouv\u00e9 une meilleure solution. Notre histoire commence en Suisse en 2013, lorsque MyCoffeestar a introduit la toute premi\u00e8re capsule r\u00e9utilisable pour Nespresso \u2013 fabriqu\u00e9e en acier inoxydable durable, test\u00e9e des milliers de fois, con\u00e7ue pour durer toute une vie. Pas de jetable, pas de compromis sur le go\u00fbt. Juste du vrai caf\u00e9 et une vision claire : qualit\u00e9, durabilit\u00e9 et libert\u00e9 pour tous les amateurs de caf\u00e9.<\/p>\n\n\n\n<p>Aujourd\u2019hui, plus d\u2019une d\u00e9cennie plus tard, notre gamme s\u2019est \u00e9largie. Aux c\u00f4t\u00e9s de la capsule iconique Nespresso, nous proposons d\u00e9sormais une solution r\u00e9utilisable de haute qualit\u00e9 pour Dolce Gusto, \u00e9galement en acier inoxydable et \u00e9quip\u00e9e d\u2019un couvercle en silicone durable. Le principe reste le m\u00eame : achetez une fois, utilisez pour toujours et savourez votre caf\u00e9 comme il se doit.<\/p>\n\n\n\n<p>Dans cet article, nous vous emmenons dans un nouveau monde du caf\u00e9, b\u00e9n\u00e9fique pour l\u2019environnement, votre palais et votre portefeuille.<\/p>\n\n\n\n<hr class=\"wp-block-separator has-alpha-channel-opacity\"\/>\n\n\n\n<h2 class=\"wp-block-heading\"><strong>Le vrai co\u00fbt des capsules jetables \u2013 et pourquoi personne n\u2019en parle<\/strong><\/h2>\n\n\n\n<p>Il est surprenant de voir \u00e0 quel point nous sous-estimons le co\u00fbt de nos habitudes quotidiennes. Si vous poss\u00e9dez une machine \u00e0 capsules, vous consommez probablement deux \u00e0 quatre caf\u00e9s par jour. Dans un foyer typique de deux personnes, cela repr\u00e9sente rapidement <strong>1 460 capsules par an<\/strong>. Ces petites capsules en aluminium ou plastique s\u2019accumulent \u2013 financi\u00e8rement et \u00e9cologiquement.<\/p>\n\n\n\n<p>Les prix r\u00e9v\u00e8lent le co\u00fbt r\u00e9el :<\/p>\n\n\n\n<ul class=\"wp-block-list\">\n<li><strong>Nespresso OriginalLine :<\/strong> 5,70 CHF pour 10 capsules \u2192 <strong>0,57 CHF par tasse<\/strong><\/li>\n<\/ul>\n\n\n\n<p>Consommation annuelle par foyer :<\/p>\n\n\n\n<ul class=\"wp-block-list\">\n<li><strong>OriginalLine :<\/strong> 832 CHF<\/li>\n<\/ul>\n\n\n\n<p>Et tout cela pour des capsules jetables apr\u00e8s un seul usage.<\/p>\n\n\n\n<hr class=\"wp-block-separator has-alpha-channel-opacity\"\/>\n\n\n\n<h2 class=\"wp-block-heading\"><strong>Un investissement unique, des \u00e9conomies \u00e0 vie<\/strong><\/h2>\n\n\n\n<p>C\u2019est ici que MyCoffeestar fait toute la diff\u00e9rence. Nos capsules en acier inoxydable pour Nespresso et Dolce Gusto ne sont pas con\u00e7ues pour quelques ann\u00e9es, mais pour <strong>toute une vie<\/strong>. Pas d\u2019usure, pas de remplacement, pas de d\u00e9chets.<\/p>\n\n\n\n<ul class=\"wp-block-list\">\n<li><strong>Starter Set :<\/strong> 19,90 CHF<\/li>\n\n\n\n<li><strong>Barista Set :<\/strong> 37,90 CHF<\/li>\n<\/ul>\n\n\n\n<p>Apr\u00e8s cet achat unique, vous ne payez plus que le caf\u00e9 lui-m\u00eame. Par exemple, 5 g de caf\u00e9 fra\u00eechement moulu co\u00fbtent environ <strong>0,24 CHF par remplissage<\/strong>. Vous \u00e9conomisez ainsi <strong>plus de 58 % par tasse<\/strong> par rapport aux capsules Nespresso classiques \u2013 et encore plus par rapport aux Vertuo. Plus vous buvez de caf\u00e9, plus la capsule se rentabilise rapidement.<\/p>\n\n\n\n<hr class=\"wp-block-separator has-alpha-channel-opacity\"\/>\n\n\n\n<h2 class=\"wp-block-heading\"><strong>Une nouvelle exp\u00e9rience caf\u00e9 \u2013 gr\u00e2ce aux vrais grains et \u00e0 la vraie qualit\u00e9<\/strong><\/h2>\n\n\n\n<p>De nombreux clients r\u00e9alisent seulement apr\u00e8s avoir chang\u00e9 de capsules combien le caf\u00e9 industriel limite l\u2019exp\u00e9rience gustative. Avec une capsule r\u00e9utilisable MyCoffeestar dans votre machine Nespresso ou Dolce Gusto, tout change : vous choisissez les grains, le profil de torr\u00e9faction et si vous voulez 100 % Arabica ou un m\u00e9lange plus cors\u00e9. Le caf\u00e9 est <strong>fra\u00eechement moulu<\/strong>, et non scell\u00e9 dans de l\u2019aluminium pendant des mois.<\/p>\n\n\n\n<p>Pour Nespresso, le caf\u00e9 doit \u00eatre l\u00e9g\u00e8rement <strong>tass\u00e9<\/strong> pour former un disque homog\u00e8ne. Pour Dolce Gusto, aucun tassage n\u2019est n\u00e9cessaire \u2013 le caf\u00e9 est simplement rempli librement et le couvercle en silicone assure la pression optimale. Le r\u00e9sultat : un ar\u00f4me plus riche, une fragrance plus intense, une crema plus \u00e9paisse et, surtout, un caf\u00e9 qui vous correspond vraiment.<\/p>\n\n\n\n<hr class=\"wp-block-separator has-alpha-channel-opacity\"\/>\n\n\n\n<h2 class=\"wp-block-heading\"><strong>Quels grains de caf\u00e9 choisir ?<\/strong><\/h2>\n\n\n\n<p>La plupart des torr\u00e9factions moyennes \u00e0 fonc\u00e9es fonctionnent parfaitement dans nos capsules, que ce soit pour Nespresso ou Dolce Gusto. Pour obtenir une crema dense et un corps puissant, optez pour des m\u00e9langes avec une <strong>proportion plus \u00e9lev\u00e9e de Robusta<\/strong>, qui apportent naturellement :<\/p>\n\n\n\n<ul class=\"wp-block-list\">\n<li>une crema dense et stable<\/li>\n\n\n\n<li>plus de corps<\/li>\n\n\n\n<li>des notes l\u00e9g\u00e8rement chocolat\u00e9es et cors\u00e9es<\/li>\n<\/ul>\n\n\n\n<p>Pour des caf\u00e9s plus doux et aromatiques, les torr\u00e9factions espresso 100 % Arabica sont id\u00e9ales. Que ce soit pour un espresso du matin, un caf\u00e9 au bureau ou un cappuccino l\u2019apr\u00e8s-midi, l\u2019univers du caf\u00e9 de sp\u00e9cialit\u00e9 s\u2019ouvre \u00e0 vous.<\/p>\n\n\n\n<hr class=\"wp-block-separator has-alpha-channel-opacity\"\/>\n\n\n\n<h2 class=\"wp-block-heading\"><strong>Pourquoi l\u2019acier inoxydable est la seule option v\u00e9ritablement durable<\/strong><\/h2>\n\n\n\n<p>Nos capsules sont enti\u00e8rement en acier inoxydable \u2013 sans rev\u00eatement, sans Teflon, sans plastique (sauf le couvercle en silicone durable pour Dolce Gusto). L\u2019acier inoxydable est neutre en go\u00fbt, s\u00fbr pour les aliments, r\u00e9sistant \u00e0 la chaleur, incassable, facile \u00e0 nettoyer et compatible lave-vaisselle. Tandis que d\u2019autres syst\u00e8mes s\u2019usent avec le temps, une capsule MyCoffeestar vous accompagne <strong>toute une vie<\/strong>. C\u2019est non seulement plus durable, mais aussi plus honn\u00eate.<\/p>\n\n\n\n<hr class=\"wp-block-separator has-alpha-channel-opacity\"\/>\n\n\n\n<h2 class=\"wp-block-heading\"><strong>Facile \u00e0 utiliser d\u00e8s le premier jour<\/strong><\/h2>\n\n\n\n<p>Beaucoup de gens craignent que passer aux capsules r\u00e9utilisables soit compliqu\u00e9. Au contraire, nos capsules ont \u00e9t\u00e9 con\u00e7ues pour \u00eatre utilis\u00e9es en quelques secondes.<\/p>\n\n\n\n<ol class=\"wp-block-list\">\n<li>Ouvrir la capsule<\/li>\n\n\n\n<li>Ajouter le caf\u00e9 fra\u00eechement moulu<\/li>\n\n\n\n<li>Pour Nespresso, tasser l\u00e9g\u00e8rement \u2013 pour Dolce Gusto, ne pas tasser<\/li>\n\n\n\n<li>Refermer, ins\u00e9rer, pr\u00e9parer<\/li>\n<\/ol>\n\n\n\n<p>Nous recommandons d\u2019utiliser notre <strong>poussoir de remplissage<\/strong> e tamper, qui facilite le dosage et rend le remplissage plus confortable. Aucun entonnoir n\u2019est n\u00e9cessaire. Apr\u00e8s l\u2019extraction, il suffit de vider ou rincer le marc de caf\u00e9 \u2013 et votre capsule est pr\u00eate pour la prochaine tasse.<\/p>\n\n\n\n<hr class=\"wp-block-separator has-alpha-channel-opacity\"\/>\n\n\n\n<h2 class=\"wp-block-heading\"><strong>Bon pour vous, pour la plan\u00e8te et pour l\u2019avenir<\/strong><\/h2>\n\n\n\n<p>Chaque tasse de caf\u00e9 pr\u00e9par\u00e9e avec une capsule MyCoffeestar r\u00e9duit les d\u00e9chets, vous permet de contr\u00f4ler la saveur et vous fait \u00e9conomiser de l\u2019argent qui finirait autrement \u00e0 la poubelle. Nous croyons que les produits durables doivent b\u00e9n\u00e9ficier non seulement \u00e0 l\u2019environnement, mais aussi aux personnes qui les utilisent. C\u2019est pourquoi nos capsules sont con\u00e7ues pour durer toute une vie.<\/p>\n\n\n\n<p>Moins de d\u00e9chets. Plus de saveur. Plus de libert\u00e9. C\u2019est l\u2019id\u00e9e derri\u00e8re MyCoffeestar \u2013 et peut-\u00eatre le d\u00e9but d\u2019une nouvelle culture du caf\u00e9.<\/p>\n","protected":false},"excerpt":{"rendered":"<p>Il arrive parfois qu\u2019une industrie enti\u00e8re s\u2019arr\u00eate parce que quelqu\u2019un a trouv\u00e9 une meilleure solution. Notre histoire commence en Suisse<\/p>\n","protected":false},"author":9213,"featured_media":0,"parent":0,"menu_order":0,"comment_status":"closed","ping_status":"closed","template":"","meta":{"footnotes":""},"class_list":["post-67104","page","type-page","status-publish","hentry"],"_links":{"self":[{"href":"https:\/\/mycoffeestar.com\/fr\/wp-json\/wp\/v2\/pages\/67104","targetHints":{"allow":["GET"]}}],"collection":[{"href":"https:\/\/mycoffeestar.com\/fr\/wp-json\/wp\/v2\/pages"}],"about":[{"href":"https:\/\/mycoffeestar.com\/fr\/wp-json\/wp\/v2\/types\/page"}],"author":[{"embeddable":true,"href":"https:\/\/mycoffeestar.com\/fr\/wp-json\/wp\/v2\/users\/9213"}],"replies":[{"embeddable":true,"href":"https:\/\/mycoffeestar.com\/fr\/wp-json\/wp\/v2\/comments?post=67104"}],"version-history":[{"count":1,"href":"https:\/\/mycoffeestar.com\/fr\/wp-json\/wp\/v2\/pages\/67104\/revisions"}],"predecessor-version":[{"id":67106,"href":"https:\/\/mycoffeestar.com\/fr\/wp-json\/wp\/v2\/pages\/67104\/revisions\/67106"}],"wp:attachment":[{"href":"https:\/\/mycoffeestar.com\/fr\/wp-json\/wp\/v2\/media?parent=67104"}],"curies":[{"name":"wp","href":"https:\/\/api.w.org\/{rel}","templated":true}]}}